{"id":16616,"date":"2025-10-07T12:55:06","date_gmt":"2025-10-07T10:55:06","guid":{"rendered":"https:\/\/svarunica.com\/?page_id=16616"},"modified":"2025-10-07T12:57:02","modified_gmt":"2025-10-07T10:57:02","slug":"koledar-2026-carovnice-na-slovenskem-viri","status":"publish","type":"page","link":"https:\/\/svarunica.com\/sl\/koledar-2026-carovnice-na-slovenskem-viri\/","title":{"rendered":"Koledar 2026: \u010carovnice na Slovenskem, viri"},"content":{"rendered":"<figure class=\"wp-block-image size-large\"><img loading=\"lazy\" decoding=\"async\" width=\"1024\" height=\"576\" src=\"https:\/\/svarunica.com\/wp-content\/uploads\/2025\/10\/carovnice-na-slovenskem-koledar-2026_trgovina-svarunica-5-1024x576.jpg\" alt=\"\" class=\"wp-image-16555\" srcset=\"https:\/\/svarunica.com\/wp-content\/uploads\/2025\/10\/carovnice-na-slovenskem-koledar-2026_trgovina-svarunica-5-1024x576.jpg 1024w, https:\/\/svarunica.com\/wp-content\/uploads\/2025\/10\/carovnice-na-slovenskem-koledar-2026_trgovina-svarunica-5-300x169.jpg 300w, https:\/\/svarunica.com\/wp-content\/uploads\/2025\/10\/carovnice-na-slovenskem-koledar-2026_trgovina-svarunica-5-768x432.jpg 768w, https:\/\/svarunica.com\/wp-content\/uploads\/2025\/10\/carovnice-na-slovenskem-koledar-2026_trgovina-svarunica-5-600x338.jpg 600w, https:\/\/svarunica.com\/wp-content\/uploads\/2025\/10\/carovnice-na-slovenskem-koledar-2026_trgovina-svarunica-5.jpg 1200w\" sizes=\"auto, (max-width: 1024px) 100vw, 1024px\" \/><\/figure><figure class=\"wp-block-image size-large\"><img loading=\"lazy\" decoding=\"async\" width=\"1024\" height=\"576\" src=\"https:\/\/svarunica.com\/wp-content\/uploads\/2025\/10\/carovnice-na-slovenskem-koledar-2026_trgovina-svarunica-3-1024x576.jpg\" alt=\"\" class=\"wp-image-16551\" srcset=\"https:\/\/svarunica.com\/wp-content\/uploads\/2025\/10\/carovnice-na-slovenskem-koledar-2026_trgovina-svarunica-3-1024x576.jpg 1024w, https:\/\/svarunica.com\/wp-content\/uploads\/2025\/10\/carovnice-na-slovenskem-koledar-2026_trgovina-svarunica-3-300x169.jpg 300w, https:\/\/svarunica.com\/wp-content\/uploads\/2025\/10\/carovnice-na-slovenskem-koledar-2026_trgovina-svarunica-3-768x432.jpg 768w, https:\/\/svarunica.com\/wp-content\/uploads\/2025\/10\/carovnice-na-slovenskem-koledar-2026_trgovina-svarunica-3-600x338.jpg 600w, https:\/\/svarunica.com\/wp-content\/uploads\/2025\/10\/carovnice-na-slovenskem-koledar-2026_trgovina-svarunica-3.jpg 1200w\" sizes=\"auto, (max-width: 1024px) 100vw, 1024px\" \/><\/figure><figure class=\"wp-block-image size-large\"><img loading=\"lazy\" decoding=\"async\" width=\"1024\" height=\"576\" src=\"https:\/\/svarunica.com\/wp-content\/uploads\/2025\/10\/carovnice-na-slovenskem-koledar-2026_trgovina-svarunica-4-1024x576.jpg\" alt=\"\" class=\"wp-image-16553\" srcset=\"https:\/\/svarunica.com\/wp-content\/uploads\/2025\/10\/carovnice-na-slovenskem-koledar-2026_trgovina-svarunica-4-1024x576.jpg 1024w, https:\/\/svarunica.com\/wp-content\/uploads\/2025\/10\/carovnice-na-slovenskem-koledar-2026_trgovina-svarunica-4-300x169.jpg 300w, https:\/\/svarunica.com\/wp-content\/uploads\/2025\/10\/carovnice-na-slovenskem-koledar-2026_trgovina-svarunica-4-768x432.jpg 768w, https:\/\/svarunica.com\/wp-content\/uploads\/2025\/10\/carovnice-na-slovenskem-koledar-2026_trgovina-svarunica-4-600x338.jpg 600w, https:\/\/svarunica.com\/wp-content\/uploads\/2025\/10\/carovnice-na-slovenskem-koledar-2026_trgovina-svarunica-4.jpg 1200w\" sizes=\"auto, (max-width: 1024px) 100vw, 1024px\" \/><\/figure><p>Za projekt koledarja, kjer je predstavljenih 13 zgodovinskih oseb, obto\u017eenih \u010darovni\u0161tva, katere so upodobile \u017eenske dana\u0161njega \u010dasa, sem uporabila vire v navedbah spodaj.<br>\u010ce \u0161e koga tematika zanima, mu bodo te knjige in prispevki gotovo pri\u0161li zelo prav. \ud83d\ude42<br>LP Irena Petri\u010d<\/p><p>Viri za besedilo koledarja 2026: \u00bb\u010carovnice\u00ab na Slovenskem:<\/p><p>Ko\u0161ir M., 2018, \u010carovni\u0161ki proces v Ribnici 1700\u20131701 \u2013 najbolj znan \u010darovni\u0161ki proces na Kranjskem, Zveza zgodovinskih dru\u0161tev Slovenije, Ljubljana, Kronika 2018, \u0161tevilka 3<br><br>Ob\u010dinska uprava Ob\u010dine Lenart, 2018, Sklep o potrditvi diip-a za projekt Rupert, \u0160tevilka: 170-2\/2017<br><br>Ko\u0161ir M., 2024, Veliki Pregon, Prispevki za novej\u0161o zgodovino, Zbornik A. Studna , In\u0161titut za novej\u0161o zgodovino, Ljubljana, Letnik 64, \u0161tevilka 1<\/p><p>\u017dvab M., 2015, Tradicija alkimije na zahodu in na Slovenskem, diplomsko delo, Univerza v Ljubljani, Filozofska fakulteta, oddelek za etnologijo in kulturno antropologijo, etnologija in kulturna antropologija<\/p><p>Tratnik Volasko M, in Ko\u0161ir M., 1995, \u010carovnice, predstave, procesi, pregoni v evropskih in slovenskih de\u017eelah, Znanstveno in publicisti\u010dno sredi\u0161\u010de, Ljubljana<\/p><p>Miheli\u010d D., 2021, Motivi iz slovenske zgodovine v pesni\u0161kem opusu Antona A\u0161kerca (1856\u20131912), Zgodovinsko dru\u0161tvo za ju\u017eno Primorsko \u2013 Koper, Letnik 29, leto 2021, \u0161tevilka 2<\/p><p>Raj\u0161p V., 1988, \u010carovni\u0161ki procesi na Slovenskem, Zveza zgodovinskih dru\u0161tev Slovenije, Ljubljana, Zgodovinski \u010dasopis, 1988, \u0161t. 3<\/p><p>Golec B., : Arhivi; Dve Valvasorjevi hi\u0161i v Kr\u0161kem \u2013 napa\u010dna in prava (2. del), Glasilo Arhivskega dru\u0161tva in arhivov Slovenije, Letnik 35, \u0161t. 2 Ljubljana 2012<\/p><p>Korpi\u010d N.,2006, \u010carovni\u0161ki procesi v Ormo\u017eu &#8211; lov na \u010darovnice, Zgodovinsko dru\u0161tvo Ormo\u017e, Zgodovinski zapisi, letnik 3, \u0161tevilka 1<\/p><p>Ko\u0161ir M., 2018, \u010carovni\u0161ki proces v Ribnici 1700\u20131701 \u2013 najbolj znan \u010darovni\u0161ki proces na Kranjskem, Zveza zgodovinskih dru\u0161tev Slovenije, Ljubljana, Kronika 2018, \u0161tevilka 3<\/p><p>To\u0161 M., 2016, Kako so vurber\u0161ki Stubenbergi zaznamovali svoj \u017eivljenjski prostor, Zveza zgodovinskih dru\u0161tev Slovenije, Ljubljana, Kronika 2016, \u0161tevilka 2<\/p><p>Radovanovi\u010d S., 2017, \u010carovni\u0161ki procesi, Zalo\u017eba Ostroga, Lenart v Slovenskih goricah<\/p><p>Grahornik M., 2021, Herbersteini na Hrastovcu, Univerza v Mariboru in Zgodovinsko dru\u0161tvo v Mariboru, \u010casopis za zgodovino in narodopisje, Letnik 92 \u2013 Nova vrsta 57, 2\u20133. zvezek 2021<br><br>Ko\u0161ir M., 1997, Sabat v \u010darovni\u0161kih procesih, evropski fenomen na Slovenskem<br>od 16. do 18. stoletja, Znanstvenoraziskovalni center SAZU, Zalo\u017eba ZRC, Ljubljana, Histori\u010dni seminar II<\/p><p>Habjan V., 1975, Boj Celjskih za Podravje in Poso\u010dje v letih 1425\u201430, Zgodovinsko dru\u0161tvo za Slovenijo, Ssekcija za krajevno zgodovino, Kronika \u010dasopis za slovensko krajevno zgodovino, letnik 23, 1. zvezek<\/p><p>Pajek J., 1884, \u010crtice iz du\u0161evnega \u017eitka \u0161tajerskih Slovencev, Matica Slovenska, Ljubljana<\/p><p>Ko\u0161ir M., 1995, Magija in goljufija ter tovorni\u0161tvo med Trstom in<br>Gradcem 1732-1734, Zveza zgodovinskih dru\u0161tev Slovenije, Ljubljana, Kronika, \u010dasopis za slovensko krajevno zgodovino, letnik 43, zvezek I-2<\/p><p>Pavli\u010di\u010d, S., 2022, Ali ste vedeli, da \u2026, Zveza zgodovinskih dru\u0161tev Slovenije, Ljubljana, Kronika 2022, letnik 70, \u0161tevilka 3 \u2013 Iz zgodovine Ljutomera<\/p><p>Lesjak T., 2016, Diplomska naloga: \u010carovni\u0161ki procesi na gradu Gornja Radgona, Univerza v Mariboru, Filozofska fakulteta, oddelek za zgodovino<\/p><p>Mo\u017eina K., 2016, Diplomska naloga: \u010carovnice na Slovenskem: Zeli\u0161\u010darke, babice ali zgolj obi\u010dajne \u017eenske, Univerza v Mariboru, Filozofska fakulteta, oddelek za zgodovino<\/p><p>Vuzem M., 2014, Diplomska naloga: \u010carovni\u0161ki procesi na gradu Hrastovec v letih 1661 \u2013 1685, Univerza v Mariboru, Filozofska fakulteta, oddelek za zgodovino<\/p><p>Sapa\u010d I., 2017, Grad in dvorec Ojstrica, stavbnozgodovinski oris, ZVEZA ZGODOVINSKIH DRU\u0160TEV SLOVENIJE, Ljubljana, KRONIKA \u010dasopis za slovensko krajevno zgodovino, letnik 65, zvezek 3<\/p><p>Byloff F., 1934, Hexenglaube und Hexenverfolgungin den \u00f6sterreichischen Alpenl\u00e4nder, Walter de Gruyter &amp; Company , Berlin<\/p><p><\/p>","protected":false},"excerpt":{"rendered":"<p>Za projekt koledarja, kjer je predstavljenih 13 zgodovinskih oseb, obto\u017eenih \u010darovni\u0161tva, katere so upodobile \u017eenske dana\u0161njega \u010dasa, sem uporabila vire v navedbah spodaj.\u010ce \u0161e koga tematika zanima, mu bodo te knjige in prispevki gotovo pri\u0161li zelo prav. \ud83d\ude42LP Irena Petri\u010d Viri za besedilo koledarja 2026: \u00bb\u010carovnice\u00ab na Slovenskem: Ko\u0161ir M., 2018, \u010carovni\u0161ki proces v Ribnici [&hellip;]<\/p>\n","protected":false},"author":1,"featured_media":0,"parent":0,"menu_order":0,"comment_status":"closed","ping_status":"closed","template":"","meta":{"footnotes":""},"class_list":["post-16616","page","type-page","status-publish","hentry"],"yoast_head":"<!-- This site is optimized with the Yoast SEO plugin v23.9 - https:\/\/yoast.com\/wordpress\/plugins\/seo\/ -->\n<title>Koledar 2026: \u010carovnice na Slovenskem, viri - Svarunica<\/title>\n<meta name=\"robots\" content=\"index, follow, max-snippet:-1, max-image-preview:large, max-video-preview:-1\" \/>\n<link rel=\"canonical\" href=\"https:\/\/svarunica.com\/sl\/koledar-2026-carovnice-na-slovenskem-viri\/\" \/>\n<meta property=\"og:locale\" content=\"sl_SI\" \/>\n<meta property=\"og:type\" content=\"article\" \/>\n<meta property=\"og:title\" content=\"Koledar 2026: \u010carovnice na Slovenskem, viri - Svarunica\" \/>\n<meta property=\"og:description\" content=\"Za projekt koledarja, kjer je predstavljenih 13 zgodovinskih oseb, obto\u017eenih \u010darovni\u0161tva, katere so upodobile \u017eenske dana\u0161njega \u010dasa, sem uporabila vire v navedbah spodaj.\u010ce \u0161e koga tematika zanima, mu bodo te knjige in prispevki gotovo pri\u0161li zelo prav. \ud83d\ude42LP Irena Petri\u010d Viri za besedilo koledarja 2026: \u00bb\u010carovnice\u00ab na Slovenskem: Ko\u0161ir M., 2018, \u010carovni\u0161ki proces v Ribnici [&hellip;]\" \/>\n<meta property=\"og:url\" content=\"https:\/\/svarunica.com\/sl\/koledar-2026-carovnice-na-slovenskem-viri\/\" \/>\n<meta property=\"og:site_name\" content=\"Svarunica\" \/>\n<meta property=\"article:modified_time\" content=\"2025-10-07T10:57:02+00:00\" \/>\n<meta property=\"og:image\" content=\"https:\/\/svarunica.com\/wp-content\/uploads\/2025\/10\/carovnice-na-slovenskem-koledar-2026_trgovina-svarunica-5.jpg\" \/>\n\t<meta property=\"og:image:width\" content=\"1200\" \/>\n\t<meta property=\"og:image:height\" content=\"675\" \/>\n\t<meta property=\"og:image:type\" content=\"image\/jpeg\" \/>\n<meta name=\"twitter:card\" content=\"summary_large_image\" \/>\n<meta name=\"twitter:label1\" content=\"Est. reading time\" \/>\n\t<meta name=\"twitter:data1\" content=\"3 minute\" \/>\n<script type=\"application\/ld+json\" class=\"yoast-schema-graph\">{\"@context\":\"https:\/\/schema.org\",\"@graph\":[{\"@type\":\"WebPage\",\"@id\":\"https:\/\/svarunica.com\/sl\/koledar-2026-carovnice-na-slovenskem-viri\/\",\"url\":\"https:\/\/svarunica.com\/sl\/koledar-2026-carovnice-na-slovenskem-viri\/\",\"name\":\"Koledar 2026: \u010carovnice na Slovenskem, viri - Svarunica\",\"isPartOf\":{\"@id\":\"https:\/\/svarunica.com\/#website\"},\"primaryImageOfPage\":{\"@id\":\"https:\/\/svarunica.com\/sl\/koledar-2026-carovnice-na-slovenskem-viri\/#primaryimage\"},\"image\":{\"@id\":\"https:\/\/svarunica.com\/sl\/koledar-2026-carovnice-na-slovenskem-viri\/#primaryimage\"},\"thumbnailUrl\":\"https:\/\/svarunica.com\/wp-content\/uploads\/2025\/10\/carovnice-na-slovenskem-koledar-2026_trgovina-svarunica-5-1024x576.jpg\",\"datePublished\":\"2025-10-07T10:55:06+00:00\",\"dateModified\":\"2025-10-07T10:57:02+00:00\",\"breadcrumb\":{\"@id\":\"https:\/\/svarunica.com\/sl\/koledar-2026-carovnice-na-slovenskem-viri\/#breadcrumb\"},\"inLanguage\":\"sl-SI\",\"potentialAction\":[{\"@type\":\"ReadAction\",\"target\":[\"https:\/\/svarunica.com\/sl\/koledar-2026-carovnice-na-slovenskem-viri\/\"]}]},{\"@type\":\"ImageObject\",\"inLanguage\":\"sl-SI\",\"@id\":\"https:\/\/svarunica.com\/sl\/koledar-2026-carovnice-na-slovenskem-viri\/#primaryimage\",\"url\":\"https:\/\/svarunica.com\/wp-content\/uploads\/2025\/10\/carovnice-na-slovenskem-koledar-2026_trgovina-svarunica-5-1024x576.jpg\",\"contentUrl\":\"https:\/\/svarunica.com\/wp-content\/uploads\/2025\/10\/carovnice-na-slovenskem-koledar-2026_trgovina-svarunica-5-1024x576.jpg\"},{\"@type\":\"BreadcrumbList\",\"@id\":\"https:\/\/svarunica.com\/sl\/koledar-2026-carovnice-na-slovenskem-viri\/#breadcrumb\",\"itemListElement\":[{\"@type\":\"ListItem\",\"position\":1,\"name\":\"Home\",\"item\":\"https:\/\/svarunica.com\/sl\/\"},{\"@type\":\"ListItem\",\"position\":2,\"name\":\"Koledar 2026: \u010carovnice na Slovenskem, viri\"}]},{\"@type\":\"WebSite\",\"@id\":\"https:\/\/svarunica.com\/#website\",\"url\":\"https:\/\/svarunica.com\/\",\"name\":\"Svarunica\",\"description\":\"\",\"publisher\":{\"@id\":\"https:\/\/svarunica.com\/#organization\"},\"potentialAction\":[{\"@type\":\"SearchAction\",\"target\":{\"@type\":\"EntryPoint\",\"urlTemplate\":\"https:\/\/svarunica.com\/?s={search_term_string}\"},\"query-input\":{\"@type\":\"PropertyValueSpecification\",\"valueRequired\":true,\"valueName\":\"search_term_string\"}}],\"inLanguage\":\"sl-SI\"},{\"@type\":\"Organization\",\"@id\":\"https:\/\/svarunica.com\/#organization\",\"name\":\"Svarunica\",\"url\":\"https:\/\/svarunica.com\/\",\"logo\":{\"@type\":\"ImageObject\",\"inLanguage\":\"sl-SI\",\"@id\":\"https:\/\/svarunica.com\/#\/schema\/logo\/image\/\",\"url\":\"https:\/\/svarunica.com\/wp-content\/uploads\/2021\/07\/cropped-cropped-svarunica-text-2.png\",\"contentUrl\":\"https:\/\/svarunica.com\/wp-content\/uploads\/2021\/07\/cropped-cropped-svarunica-text-2.png\",\"width\":676,\"height\":179,\"caption\":\"Svarunica\"},\"image\":{\"@id\":\"https:\/\/svarunica.com\/#\/schema\/logo\/image\/\"}}]}<\/script>\n<!-- \/ Yoast SEO plugin. -->","yoast_head_json":{"title":"Koledar 2026: \u010carovnice na Slovenskem, viri - Svarunica","robots":{"index":"index","follow":"follow","max-snippet":"max-snippet:-1","max-image-preview":"max-image-preview:large","max-video-preview":"max-video-preview:-1"},"canonical":"https:\/\/svarunica.com\/sl\/koledar-2026-carovnice-na-slovenskem-viri\/","og_locale":"sl_SI","og_type":"article","og_title":"Koledar 2026: \u010carovnice na Slovenskem, viri - Svarunica","og_description":"Za projekt koledarja, kjer je predstavljenih 13 zgodovinskih oseb, obto\u017eenih \u010darovni\u0161tva, katere so upodobile \u017eenske dana\u0161njega \u010dasa, sem uporabila vire v navedbah spodaj.\u010ce \u0161e koga tematika zanima, mu bodo te knjige in prispevki gotovo pri\u0161li zelo prav. \ud83d\ude42LP Irena Petri\u010d Viri za besedilo koledarja 2026: \u00bb\u010carovnice\u00ab na Slovenskem: Ko\u0161ir M., 2018, \u010carovni\u0161ki proces v Ribnici [&hellip;]","og_url":"https:\/\/svarunica.com\/sl\/koledar-2026-carovnice-na-slovenskem-viri\/","og_site_name":"Svarunica","article_modified_time":"2025-10-07T10:57:02+00:00","og_image":[{"width":1200,"height":675,"url":"https:\/\/svarunica.com\/wp-content\/uploads\/2025\/10\/carovnice-na-slovenskem-koledar-2026_trgovina-svarunica-5.jpg","type":"image\/jpeg"}],"twitter_card":"summary_large_image","twitter_misc":{"Est. reading time":"3 minute"},"schema":{"@context":"https:\/\/schema.org","@graph":[{"@type":"WebPage","@id":"https:\/\/svarunica.com\/sl\/koledar-2026-carovnice-na-slovenskem-viri\/","url":"https:\/\/svarunica.com\/sl\/koledar-2026-carovnice-na-slovenskem-viri\/","name":"Koledar 2026: \u010carovnice na Slovenskem, viri - Svarunica","isPartOf":{"@id":"https:\/\/svarunica.com\/#website"},"primaryImageOfPage":{"@id":"https:\/\/svarunica.com\/sl\/koledar-2026-carovnice-na-slovenskem-viri\/#primaryimage"},"image":{"@id":"https:\/\/svarunica.com\/sl\/koledar-2026-carovnice-na-slovenskem-viri\/#primaryimage"},"thumbnailUrl":"https:\/\/svarunica.com\/wp-content\/uploads\/2025\/10\/carovnice-na-slovenskem-koledar-2026_trgovina-svarunica-5-1024x576.jpg","datePublished":"2025-10-07T10:55:06+00:00","dateModified":"2025-10-07T10:57:02+00:00","breadcrumb":{"@id":"https:\/\/svarunica.com\/sl\/koledar-2026-carovnice-na-slovenskem-viri\/#breadcrumb"},"inLanguage":"sl-SI","potentialAction":[{"@type":"ReadAction","target":["https:\/\/svarunica.com\/sl\/koledar-2026-carovnice-na-slovenskem-viri\/"]}]},{"@type":"ImageObject","inLanguage":"sl-SI","@id":"https:\/\/svarunica.com\/sl\/koledar-2026-carovnice-na-slovenskem-viri\/#primaryimage","url":"https:\/\/svarunica.com\/wp-content\/uploads\/2025\/10\/carovnice-na-slovenskem-koledar-2026_trgovina-svarunica-5-1024x576.jpg","contentUrl":"https:\/\/svarunica.com\/wp-content\/uploads\/2025\/10\/carovnice-na-slovenskem-koledar-2026_trgovina-svarunica-5-1024x576.jpg"},{"@type":"BreadcrumbList","@id":"https:\/\/svarunica.com\/sl\/koledar-2026-carovnice-na-slovenskem-viri\/#breadcrumb","itemListElement":[{"@type":"ListItem","position":1,"name":"Home","item":"https:\/\/svarunica.com\/sl\/"},{"@type":"ListItem","position":2,"name":"Koledar 2026: \u010carovnice na Slovenskem, viri"}]},{"@type":"WebSite","@id":"https:\/\/svarunica.com\/#website","url":"https:\/\/svarunica.com\/","name":"Svarunica","description":"","publisher":{"@id":"https:\/\/svarunica.com\/#organization"},"potentialAction":[{"@type":"SearchAction","target":{"@type":"EntryPoint","urlTemplate":"https:\/\/svarunica.com\/?s={search_term_string}"},"query-input":{"@type":"PropertyValueSpecification","valueRequired":true,"valueName":"search_term_string"}}],"inLanguage":"sl-SI"},{"@type":"Organization","@id":"https:\/\/svarunica.com\/#organization","name":"Svarunica","url":"https:\/\/svarunica.com\/","logo":{"@type":"ImageObject","inLanguage":"sl-SI","@id":"https:\/\/svarunica.com\/#\/schema\/logo\/image\/","url":"https:\/\/svarunica.com\/wp-content\/uploads\/2021\/07\/cropped-cropped-svarunica-text-2.png","contentUrl":"https:\/\/svarunica.com\/wp-content\/uploads\/2021\/07\/cropped-cropped-svarunica-text-2.png","width":676,"height":179,"caption":"Svarunica"},"image":{"@id":"https:\/\/svarunica.com\/#\/schema\/logo\/image\/"}}]}},"_links":{"self":[{"href":"https:\/\/svarunica.com\/sl\/wp-json\/wp\/v2\/pages\/16616","targetHints":{"allow":["GET"]}}],"collection":[{"href":"https:\/\/svarunica.com\/sl\/wp-json\/wp\/v2\/pages"}],"about":[{"href":"https:\/\/svarunica.com\/sl\/wp-json\/wp\/v2\/types\/page"}],"author":[{"embeddable":true,"href":"https:\/\/svarunica.com\/sl\/wp-json\/wp\/v2\/users\/1"}],"replies":[{"embeddable":true,"href":"https:\/\/svarunica.com\/sl\/wp-json\/wp\/v2\/comments?post=16616"}],"version-history":[{"count":2,"href":"https:\/\/svarunica.com\/sl\/wp-json\/wp\/v2\/pages\/16616\/revisions"}],"predecessor-version":[{"id":16619,"href":"https:\/\/svarunica.com\/sl\/wp-json\/wp\/v2\/pages\/16616\/revisions\/16619"}],"wp:attachment":[{"href":"https:\/\/svarunica.com\/sl\/wp-json\/wp\/v2\/media?parent=16616"}],"curies":[{"name":"wp","href":"https:\/\/api.w.org\/{rel}","templated":true}]}}