{"id":1686,"date":"2021-07-28T10:18:58","date_gmt":"2021-07-28T08:18:58","guid":{"rendered":"https:\/\/svarunica.com\/?page_id=1686"},"modified":"2025-10-03T19:17:59","modified_gmt":"2025-10-03T17:17:59","slug":"o-nas","status":"publish","type":"page","link":"https:\/\/svarunica.com\/sl\/o-nas\/","title":{"rendered":"O nas"},"content":{"rendered":"<p>Svarunica je buti\u010dna trgovinica, ki deluje v okviru osrednjeslovenske skupnosti Veles, ki uradno deluje od l. 2012, neformalno pa je raziskovala, prirejala obredja in sooblikovala druge dogodke v povezavi z na\u0161o predkr\u0161\u010dansko dedi\u0161\u010dino \u017ee od davnega leta 2004. <br>V zadnjem letu je na\u0161e delovanje usmerjeno bolj ali manj v pisarno, izdelke in prodajo zavoljo usmerjanja najve\u010d energije in \u010dasa v nujno obnovo objekta, kjer se nahaja tudi sede\u017e kluba Veles, da tako svoji dru\u017eini kot delu zagotovimo zdravo in varno okolje.<br>Tako trgovinico kot neprofitno organizacijo vodim Irena Petri\u010d rojena Urankar. <br>\u010ceprav je na\u0161e delovanje v zadnjih 2, 3 letih precej okrnjeno, pa \u0161e vedno vzdr\u017eujemo tradicijo praznovanja poletnega son\u010dnega obrata po starem javno ter Bo\u017ei\u010da Svaro\u017ei\u010da in jesenskega prehoda v bolj ali manj zaprtem krogu. Na pomlad pa se pod okriljem sovoditelja Andreja Humarja zberemo na Gorenjskem.<br>Verjamemo, da so na\u0161i predniki poznali resni\u010dno pot do razumevanja \u017eivljenja. Na\u0161li so notranjo mo\u010d in ravnovesje, po \u010demer lahko snujemo na\u0161a na\u010dela in vrednote, ter smernice za bolj\u0161o prihodnost vseh nas. To je tudi na\u0161e vodilo in gonilo, da nadaljujemo na\u0161a poslanstva.<\/p><h2 class=\"wp-block-heading\">Na\u0161a zgodba:<\/h2><p><strong>2008<\/strong><br>Oblikovali smo svoj prvi mitolo\u0161ki koledar,<br>prispevamo k vsakoletnim poganskim praznovanjem s slovanskim pridihom.<br><br><strong>2009, 2010<\/strong><br>Objavljamo stenske koledarje in \u0161e naprej raziskujemo na\u0161e starodavne tradicije, da jih vklju\u010dimo v slovensko pogansko gibanje, pi\u0161emo \u010dlanke in so-oblikujemo zasnove za tri izdaje revije Pan Pogan. Irena Petri\u010d opravim veliko potovanje po vzhodni Nem\u010diji v raziskovanju pomembnih svetih mest in drugih pomembnih krajev.<br>Pove\u017eemo se z neformalnim dru\u0161tvom Slovenski staroverci.<br><br><strong>2011<\/strong><br>Nadaljujemo z oblikovanjem in prodajo koledarjev, ki postanejo na\u0161 za\u0161\u010ditni znak.<br>Gradimo lastno skupnost v Osrednji Sloveniji, kjer se \u0161tirikrat na leto zberemo na letnih praznovanjih po starem. <br><br><strong>2012<\/strong><br>Poleg neformalne neprofitne organizacije Veles, ki je tudi osrednjeslovenska staroverska \u017eupa, odpremo \u0161e podjetje VELES grafika, kjer poleg komercialnih grafi\u010dnih uslug, prodajamo tudi na\u0161e koledarje, amulete, knji\u017eice za otroke, lon\u010dke, majice in druge izdelke z mitolo\u0161ko in staroversko tematiko.<br>\u0160e naprej organiziramo prireditve in sre\u010danja znotraj skupnosti Veles in \u0161e naprej aktivno sodelujemo v dru\u0161tvu Slovenski staroverci z urejanjem spletne strani ter organizacijo dogodkov in vsebin.<br><br><strong>2013<\/strong><br>Ustvarimo spletno stran svetih krajev v Sloveniji z zemljevidi in informacijami.<br>Na\u0161i leseni obeski s staroslovanskimi simboli prejmejo certifikat Obrtno-podjetni\u0161ke zbornice in se prodajajo v ve\u010d trgovinah, pi\u0161emo \u010dlanke za revijo &#8220;\u017divljenje&#8221;.<br><br><strong>2014<\/strong><br>Ustanovimo uradno neprofitno organizacijo Klub VELES in v Ljubljani organiziramo prvi sejem (Staroslovanski semenj) za nekaj sto ljudi, kjer so na voljo izdelki s slovensko domorodno in vseslovansko tematiko, vklju\u010dno z zeli\u0161\u010di, <br>ves dan se vrstijo tudi predavanja, sejem se zaklju\u010di z manj\u0161im koncertom skupin Gita in dru\u017eine Batista.<br>Ustanovili smo majhno spletno trgovino in uredili velik ekolo\u0161ki vrt ter s starimi simboli spremljali rast rastlin<br>Smo del uradne ustanovitve dru\u0161tva Slovenski staroverci in ve\u010d let delujemo tudi v upravnem odboru, za dolo\u010den \u010das Irena prevzamem vodenje dru\u0161tva in delujemo v smeri komuniciranja z dr\u017eavo, pri Velesu pa \u0161e vedno delujemo zelo poljudno.<\/p><p><strong>2015<\/strong><br>Organiziramo drugi Staroslovanski sejem v Ljubljani, promoviramo svoje delo prek radia in televizije ter z eno najve\u010djih lokalnih javnih izobra\u017eevalnih ustanov (Cene \u0160tupar) sklenemo pogodbo o prvem certificiranem programu pri nas o slovanski mitologiji in starih \u0161egah, ki traja ve\u010d mesecev.<br><br><strong>2016<\/strong><br>Organiziramo tretji Staroslovanski sejem in so-ustanovimo ljudsko skupino Jage Babe, ki je specializirana za petje starih slovanskih obrednih pesmi, posebej lokalnih. <br>Raziskujemo tudi vzhodne prakse, i\u0161\u010demo povzave, ponovno odkrivamo reiki, tehnike branja obraza in vede\u017eevanje iz vikin\u0161kih run.<br><br><strong>2017<\/strong><br>Organiziramo \u010detrti Staroslovanski sejem, ki je tokrat celove\u010derni glasbeno-izobra\u017eevalni dogodke s tradicionalnimi pesmimi in vmesnimi predavanji.<br>V organizaciji VELESa odpremo hipnocenter, ki sodeluje z enim najbolj\u0161ih hipnoterapevtov, organiziramo predavanja o osebnostni rasti (\u017eivljenje danes s slovanskimi praksami, hipnoterapija, regresija, branje obraza).<br>Snovali smo program za predstavitev slovanskega praznovanja zime v vrtcu.<br><br><strong>2018<\/strong><br>Izdamo knjigo o tehniki branja obrazov &#8211; kako na podlagi kitajske in evropske dedi\u0161\u010dine ocenim osebnosti ljudi ter njihove naravne danosti le po njihovih obraznih zna\u010dilnostih.<br>Tudi v \u010dasu porodni\u0161kega dopusta Irena v okviru organizacije izvedem tradicionalna letna praznovanja in izdam mitolo\u0161ki koledar.<br><br><strong>2019<\/strong><br>Izdamo ponatis na\u0161e knjige Umetnost branja obraza in nadaljujemo z vsemi prej\u0161njimi aktivnostmi, vklju\u010dujo\u010d oblikovanje in prodaja tradicionalnih koledarjev.<br><br><strong>2020<\/strong><br>Zaradi COVID-19 se je na\u0161e delo upo\u010dasnilo in organizirali smo zgolj eno javno praznovanje (poletni solsticij)<br>Na\u0161e spletno mesto se je raz\u0161irilo z obilico \u010dlankov, raz\u0161irili pa smo tudi na\u0161 ekolo\u0161ki vrt.<br>Posve\u010damo se posebni temi &#8211; kako kot star\u0161 pribli\u017eati staroverje, kot na\u010din \u017eivljenja, svojih otrokom.<br><br><strong>2021<\/strong><br>Ustvarimo novo blagovno znamko izdelkov SVARUNICA &#8211; majice, igre, predmeti za dom in dodatki z domorodno tematiko in tematsko tudi \u0161ir\u0161e-kulturno, evropsko.<br>Posodabljamo tudi svoje stare izdelke (obeske) in razvijamo nove izdelke, prodiramo pa tudi na globalni trg.<\/p><p><strong>2022<\/strong><br>Izdamo knjigo zvezda, ki vodi v ve\u010dnost &#8211; o zvezdi jutranjici, ki se zelo raz\u0161irjeno pojavlja v na\u0161i ljudski kulturi, uredimo tudi ponatis knjige Umetnost branja obraza; organiziramo zopet javna obredja na letne mejnike, dodamo nove produkte v decembersko ponudbo in tokrat \u017ee 15. leto po vrsti izdamo na\u0161 tradicionalni mitolo\u0161ki koledar in sicer en koledar kot prirejen ponatis iz l. 2021, saj je bilo veliko povpra\u0161evanja po arhivskih izdelkih, drugi koledar pa se po vsebini naslanja na \u017eelezno dobo, \u010das staroselske vere pred Rimljani in med porimljanjevanjem. Poleg koledarja izdamo z enako vsebino \u0161e E-knjigo. Ustvarili smo tudi veliko dokumentarnih video prispevkov, ki jih objavljamo na svojem youtube kanalu.<\/p><p><strong>2023<\/strong><br>Nadaljujemo z na\u0161o spletno trgovinico, obenem pa se posvetimo u\u010denju vzgajanja sadik, saj \u017eelimo dodati tudi doma\u010de sadike v ponudbo skupaj z za\u0161\u010ditnimi simboli po ljudskem izro\u010dilu; sadike za samooskrbo smo si v preteklih letih \u017ee zagotovili, zdaj pa pove\u010dujemo izbor zelenjadnic in torej tudi koli\u010dino; organiziramo javna obredja in pripravljamo novo publikacijo, ki bo neke vrste vodi\u010d po staroverskih obredjih in kako vklju\u010diti v praznovanja tudi otroke; objekt, kjer se nahaja center Veles je tekom 2023 v kompletni obnovi, tako da bo center v novi podobi in globinsko preurejen na voljo za obiske od jeseni 2023 dalje, prav tako pa urejamo posest Hru\u0161ovje pod Limbarsko goro, da jo lahko ponudimo v uporabo tudi drugim za njihove dogodke.<\/p><p><strong>2024<\/strong><br>Nadaljujemo z zahtevno obnovo objekta na \u010crnu\u010dah, kjer pa pride do sprememb in smo primorani za namen na\u0161ega dela na novo urediti manj\u0161o pisarno, prostore za dru\u017eenja in delavnice pa prestaviti izklju\u010dno na na\u0161o kme\u010dko posest, kjer opravljamo poletna obredja.<br>V oktobru izdamo novi koledar, \u017ee 17. leto po vrsti in v trgovinico vklju\u010dujemo nove izdelke.<\/p><p><strong>2025<\/strong><br>Organiziramo letna obredja, prispevamo \u010dlanke in snujemo dva koledarja.<br>Obnova na\u0161ega objekta se neusmiljeno nadaljuje.<\/p>","protected":false},"excerpt":{"rendered":"<p>Svarunica je buti\u010dna trgovinica, ki deluje v okviru osrednjeslovenske skupnosti Veles, ki uradno deluje od l. 2012, neformalno pa je raziskovala, prirejala obredja in sooblikovala druge dogodke v povezavi z na\u0161o predkr\u0161\u010dansko dedi\u0161\u010dino \u017ee od davnega leta 2004. V zadnjem letu je na\u0161e delovanje usmerjeno bolj ali manj v pisarno, izdelke in prodajo zavoljo usmerjanja [&hellip;]<\/p>\n","protected":false},"author":1,"featured_media":0,"parent":0,"menu_order":0,"comment_status":"closed","ping_status":"closed","template":"","meta":{"footnotes":""},"class_list":["post-1686","page","type-page","status-publish","hentry"],"yoast_head":"<!-- This site is optimized with the Yoast SEO plugin v23.9 - https:\/\/yoast.com\/wordpress\/plugins\/seo\/ -->\n<title>O nas - Svarunica<\/title>\n<meta name=\"robots\" content=\"index, follow, max-snippet:-1, max-image-preview:large, max-video-preview:-1\" \/>\n<link rel=\"canonical\" href=\"https:\/\/svarunica.com\/sl\/o-nas\/\" \/>\n<meta property=\"og:locale\" content=\"sl_SI\" \/>\n<meta property=\"og:type\" content=\"article\" \/>\n<meta property=\"og:title\" content=\"O nas - Svarunica\" \/>\n<meta property=\"og:description\" content=\"Svarunica je buti\u010dna trgovinica, ki deluje v okviru osrednjeslovenske skupnosti Veles, ki uradno deluje od l. 2012, neformalno pa je raziskovala, prirejala obredja in sooblikovala druge dogodke v povezavi z na\u0161o predkr\u0161\u010dansko dedi\u0161\u010dino \u017ee od davnega leta 2004. V zadnjem letu je na\u0161e delovanje usmerjeno bolj ali manj v pisarno, izdelke in prodajo zavoljo usmerjanja [&hellip;]\" \/>\n<meta property=\"og:url\" content=\"https:\/\/svarunica.com\/sl\/o-nas\/\" \/>\n<meta property=\"og:site_name\" content=\"Svarunica\" \/>\n<meta property=\"article:modified_time\" content=\"2025-10-03T17:17:59+00:00\" \/>\n<meta name=\"twitter:card\" content=\"summary_large_image\" \/>\n<meta name=\"twitter:label1\" content=\"Est. reading time\" \/>\n\t<meta name=\"twitter:data1\" content=\"5 minut\" \/>\n<script type=\"application\/ld+json\" class=\"yoast-schema-graph\">{\"@context\":\"https:\/\/schema.org\",\"@graph\":[{\"@type\":\"WebPage\",\"@id\":\"https:\/\/svarunica.com\/sl\/o-nas\/\",\"url\":\"https:\/\/svarunica.com\/sl\/o-nas\/\",\"name\":\"O nas - Svarunica\",\"isPartOf\":{\"@id\":\"https:\/\/svarunica.com\/#website\"},\"datePublished\":\"2021-07-28T08:18:58+00:00\",\"dateModified\":\"2025-10-03T17:17:59+00:00\",\"breadcrumb\":{\"@id\":\"https:\/\/svarunica.com\/sl\/o-nas\/#breadcrumb\"},\"inLanguage\":\"sl-SI\",\"potentialAction\":[{\"@type\":\"ReadAction\",\"target\":[\"https:\/\/svarunica.com\/sl\/o-nas\/\"]}]},{\"@type\":\"BreadcrumbList\",\"@id\":\"https:\/\/svarunica.com\/sl\/o-nas\/#breadcrumb\",\"itemListElement\":[{\"@type\":\"ListItem\",\"position\":1,\"name\":\"Home\",\"item\":\"https:\/\/svarunica.com\/sl\/\"},{\"@type\":\"ListItem\",\"position\":2,\"name\":\"O nas\"}]},{\"@type\":\"WebSite\",\"@id\":\"https:\/\/svarunica.com\/#website\",\"url\":\"https:\/\/svarunica.com\/\",\"name\":\"Svarunica\",\"description\":\"\",\"publisher\":{\"@id\":\"https:\/\/svarunica.com\/#organization\"},\"potentialAction\":[{\"@type\":\"SearchAction\",\"target\":{\"@type\":\"EntryPoint\",\"urlTemplate\":\"https:\/\/svarunica.com\/?s={search_term_string}\"},\"query-input\":{\"@type\":\"PropertyValueSpecification\",\"valueRequired\":true,\"valueName\":\"search_term_string\"}}],\"inLanguage\":\"sl-SI\"},{\"@type\":\"Organization\",\"@id\":\"https:\/\/svarunica.com\/#organization\",\"name\":\"Svarunica\",\"url\":\"https:\/\/svarunica.com\/\",\"logo\":{\"@type\":\"ImageObject\",\"inLanguage\":\"sl-SI\",\"@id\":\"https:\/\/svarunica.com\/#\/schema\/logo\/image\/\",\"url\":\"https:\/\/svarunica.com\/wp-content\/uploads\/2021\/07\/cropped-cropped-svarunica-text-2.png\",\"contentUrl\":\"https:\/\/svarunica.com\/wp-content\/uploads\/2021\/07\/cropped-cropped-svarunica-text-2.png\",\"width\":676,\"height\":179,\"caption\":\"Svarunica\"},\"image\":{\"@id\":\"https:\/\/svarunica.com\/#\/schema\/logo\/image\/\"}}]}<\/script>\n<!-- \/ Yoast SEO plugin. -->","yoast_head_json":{"title":"O nas - Svarunica","robots":{"index":"index","follow":"follow","max-snippet":"max-snippet:-1","max-image-preview":"max-image-preview:large","max-video-preview":"max-video-preview:-1"},"canonical":"https:\/\/svarunica.com\/sl\/o-nas\/","og_locale":"sl_SI","og_type":"article","og_title":"O nas - Svarunica","og_description":"Svarunica je buti\u010dna trgovinica, ki deluje v okviru osrednjeslovenske skupnosti Veles, ki uradno deluje od l. 2012, neformalno pa je raziskovala, prirejala obredja in sooblikovala druge dogodke v povezavi z na\u0161o predkr\u0161\u010dansko dedi\u0161\u010dino \u017ee od davnega leta 2004. V zadnjem letu je na\u0161e delovanje usmerjeno bolj ali manj v pisarno, izdelke in prodajo zavoljo usmerjanja [&hellip;]","og_url":"https:\/\/svarunica.com\/sl\/o-nas\/","og_site_name":"Svarunica","article_modified_time":"2025-10-03T17:17:59+00:00","twitter_card":"summary_large_image","twitter_misc":{"Est. reading time":"5 minut"},"schema":{"@context":"https:\/\/schema.org","@graph":[{"@type":"WebPage","@id":"https:\/\/svarunica.com\/sl\/o-nas\/","url":"https:\/\/svarunica.com\/sl\/o-nas\/","name":"O nas - Svarunica","isPartOf":{"@id":"https:\/\/svarunica.com\/#website"},"datePublished":"2021-07-28T08:18:58+00:00","dateModified":"2025-10-03T17:17:59+00:00","breadcrumb":{"@id":"https:\/\/svarunica.com\/sl\/o-nas\/#breadcrumb"},"inLanguage":"sl-SI","potentialAction":[{"@type":"ReadAction","target":["https:\/\/svarunica.com\/sl\/o-nas\/"]}]},{"@type":"BreadcrumbList","@id":"https:\/\/svarunica.com\/sl\/o-nas\/#breadcrumb","itemListElement":[{"@type":"ListItem","position":1,"name":"Home","item":"https:\/\/svarunica.com\/sl\/"},{"@type":"ListItem","position":2,"name":"O nas"}]},{"@type":"WebSite","@id":"https:\/\/svarunica.com\/#website","url":"https:\/\/svarunica.com\/","name":"Svarunica","description":"","publisher":{"@id":"https:\/\/svarunica.com\/#organization"},"potentialAction":[{"@type":"SearchAction","target":{"@type":"EntryPoint","urlTemplate":"https:\/\/svarunica.com\/?s={search_term_string}"},"query-input":{"@type":"PropertyValueSpecification","valueRequired":true,"valueName":"search_term_string"}}],"inLanguage":"sl-SI"},{"@type":"Organization","@id":"https:\/\/svarunica.com\/#organization","name":"Svarunica","url":"https:\/\/svarunica.com\/","logo":{"@type":"ImageObject","inLanguage":"sl-SI","@id":"https:\/\/svarunica.com\/#\/schema\/logo\/image\/","url":"https:\/\/svarunica.com\/wp-content\/uploads\/2021\/07\/cropped-cropped-svarunica-text-2.png","contentUrl":"https:\/\/svarunica.com\/wp-content\/uploads\/2021\/07\/cropped-cropped-svarunica-text-2.png","width":676,"height":179,"caption":"Svarunica"},"image":{"@id":"https:\/\/svarunica.com\/#\/schema\/logo\/image\/"}}]}},"_links":{"self":[{"href":"https:\/\/svarunica.com\/sl\/wp-json\/wp\/v2\/pages\/1686","targetHints":{"allow":["GET"]}}],"collection":[{"href":"https:\/\/svarunica.com\/sl\/wp-json\/wp\/v2\/pages"}],"about":[{"href":"https:\/\/svarunica.com\/sl\/wp-json\/wp\/v2\/types\/page"}],"author":[{"embeddable":true,"href":"https:\/\/svarunica.com\/sl\/wp-json\/wp\/v2\/users\/1"}],"replies":[{"embeddable":true,"href":"https:\/\/svarunica.com\/sl\/wp-json\/wp\/v2\/comments?post=1686"}],"version-history":[{"count":7,"href":"https:\/\/svarunica.com\/sl\/wp-json\/wp\/v2\/pages\/1686\/revisions"}],"predecessor-version":[{"id":16572,"href":"https:\/\/svarunica.com\/sl\/wp-json\/wp\/v2\/pages\/1686\/revisions\/16572"}],"wp:attachment":[{"href":"https:\/\/svarunica.com\/sl\/wp-json\/wp\/v2\/media?parent=1686"}],"curies":[{"name":"wp","href":"https:\/\/api.w.org\/{rel}","templated":true}]}}